{"id":154,"date":"2015-04-29T12:36:18","date_gmt":"2015-04-29T11:36:18","guid":{"rendered":"http:\/\/www.lesproductionsduvendredi.com\/wordpress\/?page_id=154"},"modified":"2025-08-27T08:01:56","modified_gmt":"2025-08-27T07:01:56","slug":"actions-culturelles","status":"publish","type":"page","link":"http:\/\/www.lesproductionsduvendredi.com\/wordpress\/actions-culturelles\/","title":{"rendered":"actions culturelles"},"content":{"rendered":"<h6><\/h6>\n<h2>Nous d\u00e9veloppons un volet d\u2019action culturelle s\u2019adressant \u00e0 diff\u00e9rents publics tels que les\u00a0<b>scolaires<\/b>, les\u00a0<b>\u00e9l\u00e8ves d\u2019\u00e9coles de musiques<\/b>\u00a0et les\u00a0<b>publics en difficult\u00e9<\/b>\u00a0(partenariats Toulouse d\u2019\u00e9t\u00e9 et Maison d\u2019arr\u00eat de Seysses, Centre de d\u00e9tention de Muret, ITEP Louis Bives de Toulouse). Ces projets se construisent \u00e0 la carte en fonction de vos publics, envies,&#8230; N\u2019h\u00e9sitez pas \u00e0 nous contacter afin que l\u2019on d\u00e9finisse de nouvelles actions ensemble.<\/h2>\n<ul>\n<li>\n<h1><strong>RHIZOMES<br \/>\n<\/strong><\/h1>\n<h4><strong><em>Cr\u00e9ation musicale en milieu p\u00e9nitentiaire de septembre \u00e0 d\u00e9cembre 2016<\/em><\/strong><\/h4>\n<h5><strong>Avec Guillaume Pique et Paco Serrano du groupe Alfie Ryner <\/strong><\/h5>\n<h5><strong>et une vingtaine de d\u00e9tenus du Centre de d\u00e9tention de Muret<br \/>\n<\/strong><\/h5>\n<\/li>\n<\/ul>\n<p><em><img loading=\"lazy\" decoding=\"async\" class=\"wp-image-1105 alignleft\" src=\"http:\/\/www.lesproductionsduvendredi.com\/wordpress\/wp-content\/uploads\/2015\/04\/Rhizomes-affiche-modif_ld.jpg\" alt=\"rhizomes-affiche-modif_ld\" width=\"251\" height=\"358\" \/> RHIZOMES\u00a0: du grec ancien riz\u00f4ma (\u00ab touffe de racine \u00bb), d\u00e9riv\u00e9 de riza (\u00ab racine \u00bb), et homos (\u00ab semblable \u00bb).<\/em><\/p>\n<p>Rhizomes,<\/p>\n<p>C\u2019est la rencontre entre <strong>deux musiciens<\/strong>, et <strong>un groupe de d\u00e9tenus<\/strong> du Centre de D\u00e9tention de Muret.<\/p>\n<p>Ce sont des ateliers hebdomadaires de <strong>cr\u00e9ation musicale acoustique<\/strong> et <strong>\u00e9lectronique<\/strong>, et\u00a0d\u2019<strong>\u00e9criture<\/strong>, depuis septembre 2016.<\/p>\n<p>C\u2019est l\u2019exploration et l\u2019expression de racines culturelles.<\/p>\n<p>C\u2019est un <strong>concert de restitution<\/strong> sur la sc\u00e8ne de l\u2019Espace JOB, le jeudi 8 d\u00e9cembre 2016 \u00e0 15h, avec quinze d\u00e9tenus accompagn\u00e9s par Guillaume Pique et Paco Serrano du groupe Alfie Ryner.<\/p>\n<p>Ce sont plus de <strong>10 instruments<\/strong> sur sc\u00e8ne, et des chants en <strong>trois langues<\/strong>.<\/p>\n<p>C\u2019est une respiration.<\/p>\n<p><em>\u00a0<\/em><\/p>\n<p><em>Avec le soutien de la DRAC Midi-Pyr\u00e9n\u00e9es et de la DISP de Toulouse dans le cadre du programme Culture-Justice.<\/em><\/p>\n<h2><\/h2>\n<ul>\n<li>\n<h1><strong>PEINTRE EN MUSIQUE AVEC PULCINELLA<\/strong><\/h1>\n<h4><strong><em>D\u00e9couvrir la musique improvis\u00e9e par le soundpainting <\/em><\/strong><\/h4>\n<h4><\/h4>\n<h5><\/h5>\n<h5><\/h5>\n<h5><strong><em>Jeune public &#8211; \u00e0 partir de 7 ans<\/em><br \/>\n<\/strong><\/h5>\n<\/li>\n<\/ul>\n<p><img loading=\"lazy\" decoding=\"async\" class=\"alignleft wp-image-1113\" src=\"http:\/\/www.lesproductionsduvendredi.com\/wordpress\/wp-content\/uploads\/2015\/04\/PC-combo.jpg\" alt=\"pc-combo\" width=\"260\" height=\"541\" \/><\/p>\n<p>Ce parcours s\u2019adresse \u00e0 des jeunes entre <strong>7 et 16 ans<\/strong> et se divise en <strong>5 s\u00e9ances<\/strong>.<\/p>\n<p>L\u2019objectif vis\u00e9 est <strong>la d\u00e9couverte de la musique vivante<\/strong> : d\u2019o\u00f9 vient-elle, de quoi est-elle faite, par qui, avec quoi, la vari\u00e9t\u00e9 des \u00e9motions qu\u2019elle peut susciter.<\/p>\n<p>Il s\u2019agit de cr\u00e9er un v\u00e9ritable \u00e9change avec les enfants \u00e0 travers la musique et des ateliers participatifs. A travers ce parcours ils ont l\u2019occasion d\u2019appr\u00e9hender l\u2019ampleur et la richesse du monde musical.<\/p>\n<p>Les notions d\u2019<strong>\u00e9coute<\/strong>, de <strong>communication<\/strong> et de <strong>langage<\/strong> sont abord\u00e9es collectivement par la pratique de l\u2019<strong>improvisation<\/strong> et du <strong><em>soundpainting<\/em><\/strong>\u00a0: code de communication musical fonctionnant sur la base de gestes convenus rendant possibles l&rsquo;organisation et le d\u00e9roulement de l&rsquo;improvisation collective.<\/p>\n<p>L\u2019objectif final du parcours est de pr\u00e9senter le travail accompli sous la forme d\u2019<strong>un spectacle musical<\/strong> d\u2019une trentaine de minutes. Il s\u2019agit ainsi de donner l\u2019opportunit\u00e9 aux jeunes d\u2019appr\u00e9hender la sc\u00e8ne et la repr\u00e9sentation et de transmettre ce qu\u2019ils auront appris au cours des ateliers.<\/p>\n<p><em>Ce parcours a \u00e9t\u00e9 cr\u00e9e dans le cadre des Passeports pour l\u2019art de la ville de Toulouse\u00a0: <a href=\"http:\/\/www.cultures.toulouse.fr\/thematique\/jeune-public\/parcours-culturel-gratuit\">http:\/\/www.cultures.toulouse.fr\/thematique\/jeune-public\/parcours-culturel-gratuit<\/a><\/em><\/p>\n<p><em>Depuis 2013, ce sont 10 classes de l\u2019agglom\u00e9ration toulousaine et plus de 400 \u00e9l\u00e8ves qui ont particip\u00e9 \u00e0 ce parcours. <\/em><\/p>\n<ul>\n<li>\n<h1><strong>PROJET INTERGENERATIONNEL<\/strong><\/h1>\n<h4><strong><em>Quand les jeunes d\u2019antan jouent avec les jeunes de maintenant<\/em><\/strong><\/h4>\n<h5><em><strong>Avec Pulcinella, les \u00e9l\u00e8ves option musique du Lyc\u00e9e Saint-Sernin, 10 r\u00e9sidentes de l\u2019EHPAD Orp\u00e9a-Marengo (2014-2015)<\/strong><\/em><\/h5>\n<\/li>\n<\/ul>\n<p><img loading=\"lazy\" decoding=\"async\" class=\"alignleft wp-image-1117\" src=\"http:\/\/www.lesproductionsduvendredi.com\/wordpress\/wp-content\/uploads\/2015\/04\/ORPEA-COMBO-1.jpg\" alt=\"orpea-combo\" width=\"346\" height=\"406\" \/>Ce <strong>projet transdisciplinaire<\/strong> consiste en une mise en musique par des \u00e9l\u00e8ves du lyc\u00e9e Saint-Sernin de textes \u00e9crits par des r\u00e9sidentes de la maison de retraite Marengo-Jolimont.<\/p>\n<p>Durant deux mois \u00e0 raison de 2h par semaine, l\u2019association <strong>La Boutique d\u2019\u00e9criture<\/strong> a men\u00e9 des <strong>ateliers d\u2019\u00e9criture<\/strong> aupr\u00e8s des r\u00e9sidentes de la maison de retraite autour de la th\u00e9matique du voyage. Une fois ces textes r\u00e9dig\u00e9s, ils ont \u00e9t\u00e9 remis aux <strong>musiciens de Pulcinella<\/strong> qui ont accompagn\u00e9 <strong>25 \u00e9l\u00e8ves<\/strong> de 1<sup>\u00e8re<\/sup> option musique du lyc\u00e9e saint-sernin dans la <strong>composition sonore<\/strong> de ces productions \u00e9crites.<\/p>\n<p>A l\u2019issu de ces cinq mois de travail,\u00a0<strong>un concert a \u00e9t\u00e9 organis\u00e9<\/strong> par les \u00e9l\u00e8ves et musiciens au sein de la maison de retraite <strong>devant l\u2019ensemble des r\u00e9sidents et du personnel soignant<\/strong>.<\/p>\n<p><strong>Voici quelques t\u00e9moignages d\u2019apr\u00e8s concert\u00a0<\/strong>:<\/p>\n<p>\u00ab\u00a0<em>Je suis tr\u00e8s fi\u00e8re d\u2019avoir fait partie de ce projet. Merci \u00e0 tous ces jeunes !<\/em>\u00a0\u00bb <strong>Simone<\/strong><\/p>\n<p>\u00ab\u00a0<em>C\u2019\u00e9tait si bien chant\u00e9 que j\u2019ai pleur\u00e9 !<\/em>\u00a0\u00bb <strong>Emilienne<\/strong><\/p>\n<p>\u00ab\u00a0<em>Merci vraiment\u2026 C\u2019\u00e9tait si beau !<\/em>\u00a0\u00bb <strong>Marcelle<\/strong><\/p>\n<p>\u00ab\u00a0<em>Que du bonheur !! Merci \u00e0 vous !!!!! Vous avez redonn\u00e9 le sourire et fait danser une r\u00e9sidente atteinte de la maladie d\u2019Alzheimer\u2026 Je crois que tout est dit\u2026<\/em>\u00bb <strong>Sarah, psychologue Orp\u00e9a Marengo\/Jolimont<\/strong><\/p>\n<p><em>Plus de t\u00e9moignages en lisant l&rsquo;article original : <a href=\"http:\/\/la-ville-en-rose.com\/?s=Pulcinella\">http:\/\/la-ville-en-rose.com\/?s=Pulcinella<\/a><br \/>\n<\/em><\/p>\n<ul>\n<li>\n<h1><strong>HA\u00efKU CABARETTE<\/strong><\/h1>\n<h4><strong><em>Appr\u00e9hender l\u2019\u00e9criture et la lecture avec Eric Lareine<\/em> <\/strong><\/h4>\n<h5>Jeune public &#8211; \u00e0 partir de 7 ans<\/h5>\n<\/li>\n<\/ul>\n<p><em>\u00a0<\/em><\/p>\n<p><img loading=\"lazy\" decoding=\"async\" class=\"alignleft size-full wp-image-1123\" src=\"http:\/\/www.lesproductionsduvendredi.com\/wordpress\/wp-content\/uploads\/2015\/04\/Ha\u00efku-combo-2.jpg\" alt=\"haiku-combo\" width=\"207\" height=\"525\" srcset=\"http:\/\/www.lesproductionsduvendredi.com\/wordpress\/wp-content\/uploads\/2015\/04\/Ha\u00efku-combo-2.jpg 207w, http:\/\/www.lesproductionsduvendredi.com\/wordpress\/wp-content\/uploads\/2015\/04\/Ha\u00efku-combo-2-118x300.jpg 118w\" sizes=\"auto, (max-width: 207px) 100vw, 207px\" \/>Ce parcours s\u2019adresse aux enfants de <strong>CE1-CE2<\/strong> qui perfectionnent lecture-\u00e9criture et <strong>CM1-CM2<\/strong> qui r\u00e9digent d\u00e9j\u00e0.<\/p>\n<p>C\u2019est le bon moment pour <strong>d\u00e9couvrir<\/strong>, <strong>exp\u00e9rimenter<\/strong>, <strong>\u00e9prouver<\/strong> les sensations que procure la lecture quand elle est d\u2019essence po\u00e9tique, un assemblage de mots d\u00e9crivant un sens inou\u00ef.<\/p>\n<p>Et <strong>se poser des questions<\/strong> sur l\u2019usage, l\u2019utilit\u00e9 de l\u2019\u00e9criture.<\/p>\n<p>A quoi \u00e7a sert\u00a0? Pourquoi \u00e9crire, et quels plaisirs peut-on en tirer\u00a0? Comment en jouer? Et comment en inventer les r\u00e8gles ?<\/p>\n<p>Mais encore,<\/p>\n<p>profiter de la petitesse de ce minuscule objet po\u00e9tique d\u2019origine japonaise, \u00a0qu\u2019est le <strong>Ha\u00efku<\/strong>,<\/p>\n<p>pour le faufiler de la litt\u00e9rature au dessin, de la calligraphie \u00e0 la musique.<\/p>\n<p>Ainsi,<\/p>\n<p>nous exp\u00e9rimentons dans le domaine des <strong>arts plastiques<\/strong><\/p>\n<p>de la <strong>litt\u00e9rature<\/strong> et de la <strong>po\u00e9sie<\/strong>, et dans le <strong>domaine musical<\/strong>.<\/p>\n<p>nous nous initions \u00e0 la <strong>typographie grand format<\/strong>, \u00e0 la <strong>calligraphie gestuelle<\/strong><\/p>\n<p>nous nous initions \u00e0 la <strong>po\u00e9sie instantan\u00e9e<\/strong>, sensitive et sans pathos<\/p>\n<p>nous nous initions \u00e0 la <strong>musique minimaliste<\/strong>, concr\u00e8te<\/p>\n<p>nous cherchons des liaisons graphiques entre sons, textes et gestuelle.<\/p>\n<p>Pour obtenir <strong>plus d\u2019informations concernant les contenus p\u00e9dagogiques<\/strong> et\/ou nous proposer un projet d\u2019action culturelle, <a href=\"http:\/\/www.lesproductionsduvendredi.com\/wordpress\/contacts\/\">contactez-nous <\/a>!<\/p>\n","protected":false},"excerpt":{"rendered":"<p>Nous d\u00e9veloppons un volet d\u2019action culturelle s\u2019adressant \u00e0 diff\u00e9rents publics tels que les\u00a0scolaires, les\u00a0\u00e9l\u00e8ves d\u2019\u00e9coles de musiques\u00a0et les\u00a0publics en difficult\u00e9\u00a0(partenariats Toulouse d\u2019\u00e9t\u00e9 et Maison d\u2019arr\u00eat de Seysses, Centre de d\u00e9tention de Muret, ITEP Louis Bives de Toulouse). Ces projets se construisent \u00e0 la carte en fonction de vos publics, envies,&#8230; N\u2019h\u00e9sitez pas \u00e0 nous contacter &hellip; <a href=\"http:\/\/www.lesproductionsduvendredi.com\/wordpress\/actions-culturelles\/\" class=\"more-link\">Continuer la lecture de <span class=\"screen-reader-text\">actions culturelles<\/span><\/a><\/p>\n","protected":false},"author":1,"featured_media":0,"parent":0,"menu_order":0,"comment_status":"open","ping_status":"open","template":"page4.php","meta":{"footnotes":""},"class_list":["post-154","page","type-page","status-publish","hentry"],"_links":{"self":[{"href":"http:\/\/www.lesproductionsduvendredi.com\/wordpress\/wp-json\/wp\/v2\/pages\/154","targetHints":{"allow":["GET"]}}],"collection":[{"href":"http:\/\/www.lesproductionsduvendredi.com\/wordpress\/wp-json\/wp\/v2\/pages"}],"about":[{"href":"http:\/\/www.lesproductionsduvendredi.com\/wordpress\/wp-json\/wp\/v2\/types\/page"}],"author":[{"embeddable":true,"href":"http:\/\/www.lesproductionsduvendredi.com\/wordpress\/wp-json\/wp\/v2\/users\/1"}],"replies":[{"embeddable":true,"href":"http:\/\/www.lesproductionsduvendredi.com\/wordpress\/wp-json\/wp\/v2\/comments?post=154"}],"version-history":[{"count":37,"href":"http:\/\/www.lesproductionsduvendredi.com\/wordpress\/wp-json\/wp\/v2\/pages\/154\/revisions"}],"predecessor-version":[{"id":1677,"href":"http:\/\/www.lesproductionsduvendredi.com\/wordpress\/wp-json\/wp\/v2\/pages\/154\/revisions\/1677"}],"wp:attachment":[{"href":"http:\/\/www.lesproductionsduvendredi.com\/wordpress\/wp-json\/wp\/v2\/media?parent=154"}],"curies":[{"name":"wp","href":"https:\/\/api.w.org\/{rel}","templated":true}]}}