{"id":1315,"date":"2023-09-25T17:29:52","date_gmt":"2023-09-25T16:29:52","guid":{"rendered":"http:\/\/www.lesproductionsduvendredi.com\/wordpress\/?page_id=1315"},"modified":"2025-09-05T10:11:39","modified_gmt":"2025-09-05T09:11:39","slug":"edredon-sensible","status":"publish","type":"page","link":"http:\/\/www.lesproductionsduvendredi.com\/wordpress\/edredon-sensible\/","title":{"rendered":"EDREDON SENSIBLE"},"content":{"rendered":"<div id=\"texte\" class=\"divup-wrap divup-wrap-1  divup-wrap-odd\" ><div id=\"divup-id-1\"\r\n\t\t\t\t\t\t\tclass=\"divup div-1 div-odd first total-div-1\">\n\n\n\n<h1 class=\"wp-block-heading titre\">EDREDON SENSIBLE<\/h1>\n\n\n\n<figure class=\"wp-block-image\"><img loading=\"lazy\" decoding=\"async\" width=\"1024\" height=\"820\" src=\"http:\/\/www.lesproductionsduvendredi.com\/wordpress\/wp-content\/uploads\/2023\/09\/DSCF6513-5-facebook-1024x820.jpg\" alt=\"\" class=\"wp-image-1603\" srcset=\"http:\/\/www.lesproductionsduvendredi.com\/wordpress\/wp-content\/uploads\/2023\/09\/DSCF6513-5-facebook-1024x820.jpg 1024w, http:\/\/www.lesproductionsduvendredi.com\/wordpress\/wp-content\/uploads\/2023\/09\/DSCF6513-5-facebook-300x240.jpg 300w, http:\/\/www.lesproductionsduvendredi.com\/wordpress\/wp-content\/uploads\/2023\/09\/DSCF6513-5-facebook-768x615.jpg 768w, http:\/\/www.lesproductionsduvendredi.com\/wordpress\/wp-content\/uploads\/2023\/09\/DSCF6513-5-facebook-1536x1229.jpg 1536w, http:\/\/www.lesproductionsduvendredi.com\/wordpress\/wp-content\/uploads\/2023\/09\/DSCF6513-5-facebook.jpg 2048w\" sizes=\"auto, (max-width: 1024px) 100vw, 1024px\" \/><\/figure>\n\n\n\n<h2 class=\"wp-block-heading\"><br>Edredon Sensible c&rsquo;est quatre types qui battent des bras et qui soufflent. Ils se regardent avec les yeux dans les oreilles pour<br>danser partout mais surtout par terre.&nbsp;Y&rsquo;a aussi de la transpiration sur eux et si possible sur les autres.<br>Leur passion ? Br\u00fble Babylone mais toujours par la Bouche. Leur but ? La catharsis. L&rsquo;\u00e9ruption. Les petits guilis dans le cou qui font sentir qu&rsquo;on est vivant. Edredon Sensible c&rsquo;est quatre types. Deux qui battent des bras. Deux qui soufflent.<br>Les morceaux ils sont hyper long. C&rsquo;est la transe.<\/h2>\n\n\n\n<h1 class=\"wp-block-heading\">&nbsp;&nbsp;<\/h1>\n\n\n\n<h2 class=\"wp-block-heading\"><strong>avec :<\/strong><\/h2>\n\n\n\n<p>Jean Lacarri\u00e8re : saxophone t\u00e9nor<\/p>\n\n\n\n<p>Tristan Charles-Alfred : saxophone baryton<\/p>\n\n\n\n<p>Antoine Perdriolle : batterie, percussions<\/p>\n\n\n\n<p>Mathias Bayle : batterie, percussions<\/p>\n\n\n\n<h1 class=\"wp-block-heading\">&nbsp;<\/h1>\n\n\n\n<h1 class=\"wp-block-heading\">VIDEO<\/h1>\n\n\n<div id=\"divup-post-1315-2\" class=\"divup-wrap divup-wrap-2  divup-wrap-even videoWrapper\" ><div id=\"divup-id-2\"\r\n\t\t\t\t\t\t\tclass=\"divup div-1 div-odd first total-div-2\">\n\n\n\n<figure class=\"wp-block-embed is-type-video is-provider-youtube wp-block-embed-youtube wp-embed-aspect-16-9 wp-has-aspect-ratio\"><div class=\"wp-block-embed__wrapper\">\n<iframe loading=\"lazy\" title=\"EDREDON SENSIBLE - Zozo ( le clip )\" width=\"660\" height=\"371\" src=\"https:\/\/www.youtube.com\/embed\/H9fEnhTXzDA?feature=oembed\" frameborder=\"0\" allow=\"accelerometer; autoplay; clipboard-write; encrypted-media; gyroscope; picture-in-picture; web-share\" referrerpolicy=\"strict-origin-when-cross-origin\" allowfullscreen><\/iframe>\n<\/div><\/figure>\n\n\n<\/div><\/div>\n\n\n<div id=\"divup-post-1315-3\" class=\"divup-wrap divup-wrap-3  divup-wrap-odd mul-3 videoWrapper\" ><div id=\"divup-id-3\"\r\n\t\t\t\t\t\t\tclass=\"divup div-1 div-odd first total-div-3\">\n\n\n\n<figure class=\"wp-block-embed is-type-video is-provider-youtube wp-block-embed-youtube wp-embed-aspect-16-9 wp-has-aspect-ratio\"><div class=\"wp-block-embed__wrapper\">\n<iframe loading=\"lazy\" title=\"EDREDON SENSIBLE - live ARTO Festival - Just A Lovely Walk In The Sky\" width=\"660\" height=\"371\" src=\"https:\/\/www.youtube.com\/embed\/pJ6lfPCGJT8?feature=oembed\" frameborder=\"0\" allow=\"accelerometer; autoplay; clipboard-write; encrypted-media; gyroscope; picture-in-picture; web-share\" referrerpolicy=\"strict-origin-when-cross-origin\" allowfullscreen><\/iframe>\n<\/div><\/figure>\n\n\n<\/div><\/div>\n\n\n<div id=\"divup-post-1315-4\" class=\"divup-wrap divup-wrap-4  divup-wrap-even mul-4 videoWrapper\" ><div id=\"divup-id-4\"\r\n\t\t\t\t\t\t\tclass=\"divup div-1 div-odd first total-div-4\">\n\n\n\n<figure class=\"wp-block-embed is-type-video is-provider-youtube wp-block-embed-youtube wp-embed-aspect-16-9 wp-has-aspect-ratio\"><div class=\"wp-block-embed__wrapper\">\n<iframe loading=\"lazy\" title=\"EDREDON SENSIBLE - live \u00e0 Jazz Sous Les Pommiers - Poulet Gondol\u00e9 ( Chasuble )\" width=\"660\" height=\"371\" src=\"https:\/\/www.youtube.com\/embed\/l-GZGG8ODqY?feature=oembed\" frameborder=\"0\" allow=\"accelerometer; autoplay; clipboard-write; encrypted-media; gyroscope; picture-in-picture; web-share\" referrerpolicy=\"strict-origin-when-cross-origin\" allowfullscreen><\/iframe>\n<\/div><\/figure>\n\n\n<\/div><\/div>\n\n\n<div id=\"divup-post-1315-5\" class=\"divup-wrap divup-wrap-5  divup-wrap-odd mul-5 videoWrapper\" ><div id=\"divup-id-5\"\r\n\t\t\t\t\t\t\tclass=\"divup div-1 div-odd first total-div-5\">\n\n\n\n<figure class=\"wp-block-embed is-type-video is-provider-youtube wp-block-embed-youtube wp-embed-aspect-16-9 wp-has-aspect-ratio\"><div class=\"wp-block-embed__wrapper\">\n<iframe loading=\"lazy\" title=\"EDREDON SENSIBLE - Live 07\/03\/2020 - Judabrico\" width=\"660\" height=\"371\" src=\"https:\/\/www.youtube.com\/embed\/p-QvmdDHixo?start=723&#038;feature=oembed\" frameborder=\"0\" allow=\"accelerometer; autoplay; clipboard-write; encrypted-media; gyroscope; picture-in-picture; web-share\" referrerpolicy=\"strict-origin-when-cross-origin\" allowfullscreen><\/iframe>\n<\/div><\/figure>\n\n\n<\/div><\/div>\n\n\n\n<p><\/p>\n\n\n\n<h1 class=\"wp-block-heading\"><br>PRESSE<\/h1>\n\n\n\n<p><em>Quartet \u00e0 deux saxophones et deux batteries, il reprend aux\u00a0batucadas\u00a0br\u00e9siliennes l\u2019id\u00e9e de faire tourner une courte boucle rythmique, mais en poussant tous les curseurs \u00e0 fond. Les riffs sont fr\u00e9n\u00e9tiques, les tenues exub\u00e9rantes et le son renversant\u2026 Sans concession, sans codes, sans barri\u00e8res : juste le plaisir de la transe.<\/em><br><strong>Tsugi<\/strong><br><br><em>Montagne Explosion\u201d, that combines some of the best qualities of the \u201cnew\u201d UK jazz scene \u2013 the danceability and raw energy \u2013 with more local flavours and a skewed sense of humour<\/em>.\u201d <br><strong>The Quietus<\/strong> (London, top 20 french release 2023).<br><br><br>\u00abUne musique tribale, festive, excitante, brute et hypnotique, un appel d&rsquo;air rythm\u00e9 et frappadingue (..)\u00bb &#8211; <strong>La d\u00e9p\u00eache<br><br><\/strong>\u00abEdredon Sensible c&rsquo;est une licorne sous MDMA &#8211; surexcit\u00e9e et pleine d&rsquo;amour \u2013 avec sous chaque sabot un bout de Sons of Kemet dans l&rsquo;instrumentation (2 soufflants, 2 percussions), un peu d&rsquo;Echoes of Zoo dans l&rsquo;animalit\u00e9 et une dose de Too Many Zooz dans le show, qui hennit un jazz \u00e0 la fois complexe et primal, entre transe et hypnose. \u00bb &#8211; <strong>Le Grigri<br><br><\/strong>\u00abIl reproduit les secousses et les courants qui venaient instantan\u00e9ment \u00e9lectriser les pieds et les oreilles lors de ses concerts.\u00bb &#8211; <strong>Citizen Jazz<br><br><\/strong>\u00abDes battements dans tous les sens m\u00e9langeant samba, gnawa et \u00e9lectro, pour abolir les r\u00e8gles impos\u00e9es, faire tomber les murs de biens\u00e9ance, effacer les limites rythmiques habituelles. Deux soufflants sur les braises d\u2019un feu de joie qui illumine nos journ\u00e9es qui se ressemblent\u2026\u00bb\u00a0&#8211; <strong>Action Jazz<\/strong><br><br>\u00ab Derri\u00e8re ce nom improbable d\u2019\u00c9dredon Sensible, on trouve la fougue et la croyance, le corps et l\u2019esprit. Deux infatigables percussionnistes polyrythmiques et deux saxophonistes t\u00e9nor et baryton prennent un plaisir dingue \u00e0 faire durer les attaques et \u00e0 les jouer en boucle, revigorant les amoureux d\u2019un jazz \u00e9l\u00e9mentaire mais \u00e9chevel\u00e9, port\u00e9 sur la transe, qui prend racine sur chaque continent. \u00bb &#8211; <strong>Citizen Jazz\u00a0<\/strong><br><\/p>\n\n\n<\/div><\/div>\n\n\n<div id=\"infos\" class=\"divup-wrap divup-wrap-6  divup-wrap-even mul-3 mul-6\" ><div id=\"divup-id-6\"\r\n\t\t\t\t\t\t\tclass=\"divup div-1 div-odd first total-div-6\">\n\n\n\n<h1 class=\"wp-block-heading\">Liens<\/h1>\n\n\n\n<p><a href=\"https:\/\/www.facebook.com\/EdredonSensible\/\" target=\"_blank\" rel=\"noopener\">facebook<\/a><\/p>\n\n\n\n<p><a href=\"https:\/\/www.instagram.com\/edredonsensible\/\">instagram <\/a><\/p>\n\n\n\n<h1 class=\"wp-block-heading\">CONTACT PRODUCTION<\/h1>\n\n\n\n<p>Matthieu CARDON<\/p>\n\n\n\n<p><a href=\"mailto:m.cardon@lesproductionsduvendredi.com\" target=\"_blank\" rel=\"noopener\">envoyer un mail<\/a><\/p>\n\n\n\n<p>+ 33 688400331<\/p>\n\n\n\n<h1 class=\"wp-block-heading\">Tour<\/h1>\n\n\n<div class=\"simcal-calendar simcal-default-calendar simcal-default-calendar-list simcal-default-calendar-light\" data-calendar-id=\"921\" data-timezone=\"Europe\/Paris\" data-offset=\"7200\" data-week-start=\"1\" data-calendar-start=\"1777413600\" data-calendar-end=\"1792187941\" data-events-first=\"1776376859\" data-events-last=\"1792187941\"><div class=\"simcal-calendar-list \"><nav class=\"simcal-calendar-head\">\n\t<div class=\"simcal-nav\">\n\t\t<button class=\"simcal-nav-button simcal-prev\" title=\"Pr\u00e9c\u00e9dent\" aria-label=\"Pr\u00e9c\u00e9dent\">\n\t\t\t<i class=\"simcal-icon-left\"><\/i>\n\t\t<\/button>\n\t<\/div>\n\t<div class=\"simcal-nav simcal-current \" data-calendar-current=\"1777413600\">\n\t\t<h3 class=\"simcal-current-label\"> <\/h3>\n\t<\/div>\n\t<div class=\"simcal-nav\">\t\t<button class=\"simcal-nav-button simcal-next\" title=\"Suiv.\" aria-label=\"Suiv.\">\t\t\t<i class=\"simcal-icon-right\"><\/i>\n\t\t<\/button>\n\t<\/div>\n<\/nav>\n<dl class=\"simcal-events-list-container\" data-prev=\"1776376859\" data-next=\"1792187941\" data-heading-small=\"Mai - Oct 2026\" data-heading-large=\"mai - octobre, 2026\">\t<dt class=\"simcal-day-label\" style=\"border-bottom: 1px solid #000000;\" ><span style=\"background-color: #000000; color: #ffffff;\"><span class=\"simcal-date-format\" data-date-format=\"j F Y\">15 mai 2026<\/span> <\/span><\/dt>\n<dd class=\"simcal-weekday-5 simcal-past simcal-day simcal-day-has-events simcal-day-has-1-events simcal-events-calendar-921\" data-events-count=\"1\">\n\t<ul class=\"simcal-events\">\n\t<li class=\"simcal-event simcal-event-has-location simcal-events-calendar-921\" style=\"\" itemscope itemtype=\"http:\/\/schema.org\/Event\" data-start=\"1778796059\">\n\t\t<div class=\"simcal-event-details\"><p><span class=\"simcal-event-start simcal-event-start-date\" data-event-start=\"1778796059\" data-event-format=\"j F Y\" itemprop=\"startDate\" content=\"2026-05-15T00:00:59+02:00\">15 mai 2026<\/span><br \/>\n<span class=\"simcal-event-address simcal-event-start-location\" itemprop=\"location\" itemscope itemtype=\"http:\/\/schema.org\/Place\"><meta itemprop=\"name\" content=\"Les Docks - Cahors (46)\" \/><meta itemprop=\"address\" content=\"Les Docks - Cahors (46)\" \/>Les Docks - Cahors (46)<\/span><\/p><\/div>\n\t<\/li>\n<\/ul>\n\n<\/dd>\n\t<dt class=\"simcal-day-label\" style=\"border-bottom: 1px solid #000000;\" ><span style=\"background-color: #000000; color: #ffffff;\"><span class=\"simcal-date-format\" data-date-format=\"j F Y\">28 mai 2026<\/span> <\/span><\/dt>\n<dd class=\"simcal-weekday-4 simcal-past simcal-day simcal-day-has-events simcal-day-has-1-events simcal-events-calendar-921\" data-events-count=\"1\">\n\t<ul class=\"simcal-events\">\n\t<li class=\"simcal-event simcal-event-has-location simcal-events-calendar-921\" style=\"\" itemscope itemtype=\"http:\/\/schema.org\/Event\" data-start=\"1779919259\">\n\t\t<div class=\"simcal-event-details\"><p><span class=\"simcal-event-start simcal-event-start-date\" data-event-start=\"1779919259\" data-event-format=\"j F Y\" itemprop=\"startDate\" content=\"2026-05-28T00:00:59+02:00\">28 mai 2026<\/span><br \/>\n<span class=\"simcal-event-address simcal-event-start-location\" itemprop=\"location\" itemscope itemtype=\"http:\/\/schema.org\/Place\"><meta itemprop=\"name\" content=\"+ Cocanha - Petit Bain - Paris (75)\" \/><meta itemprop=\"address\" content=\"+ Cocanha - Petit Bain - Paris (75)\" \/>+ Cocanha - Petit Bain - Paris (75)<\/span><\/p><\/div>\n\t<\/li>\n<\/ul>\n\n<\/dd>\n\t<dt class=\"simcal-day-label\" style=\"border-bottom: 1px solid #000000;\" ><span style=\"background-color: #000000; color: #ffffff;\"><span class=\"simcal-date-format\" data-date-format=\"j F Y\">29 mai 2026<\/span> <\/span><\/dt>\n<dd class=\"simcal-weekday-5 simcal-past simcal-day simcal-day-has-events simcal-day-has-1-events simcal-events-calendar-921\" data-events-count=\"1\">\n\t<ul class=\"simcal-events\">\n\t<li class=\"simcal-event simcal-event-has-location simcal-events-calendar-921\" style=\"\" itemscope itemtype=\"http:\/\/schema.org\/Event\" data-start=\"1780005659\">\n\t\t<div class=\"simcal-event-details\"><p><span class=\"simcal-event-start simcal-event-start-date\" data-event-start=\"1780005659\" data-event-format=\"j F Y\" itemprop=\"startDate\" content=\"2026-05-29T00:00:59+02:00\">29 mai 2026<\/span><br \/>\n<span class=\"simcal-event-address simcal-event-start-location\" itemprop=\"location\" itemscope itemtype=\"http:\/\/schema.org\/Place\"><meta itemprop=\"name\" content=\"Le Coquelicot - Foug\u00e8res (35)\" \/><meta itemprop=\"address\" content=\"Le Coquelicot - Foug\u00e8res (35)\" \/>Le Coquelicot - Foug\u00e8res (35)<\/span><\/p><\/div>\n\t<\/li>\n<\/ul>\n\n<\/dd>\n\t<dt class=\"simcal-day-label\" style=\"border-bottom: 1px solid #000000;\" ><span style=\"background-color: #000000; color: #ffffff;\"><span class=\"simcal-date-format\" data-date-format=\"j F Y\">30 mai 2026<\/span> <\/span><\/dt>\n<dd class=\"simcal-weekday-6 simcal-past simcal-day simcal-day-has-events simcal-day-has-1-events simcal-events-calendar-921\" data-events-count=\"1\">\n\t<ul class=\"simcal-events\">\n\t<li class=\"simcal-event simcal-event-has-location simcal-events-calendar-921\" style=\"\" itemscope itemtype=\"http:\/\/schema.org\/Event\" data-start=\"1780092059\">\n\t\t<div class=\"simcal-event-details\"><p><span class=\"simcal-event-start simcal-event-start-date\" data-event-start=\"1780092059\" data-event-format=\"j F Y\" itemprop=\"startDate\" content=\"2026-05-30T00:00:59+02:00\">30 mai 2026<\/span><br \/>\n<span class=\"simcal-event-address simcal-event-start-location\" itemprop=\"location\" itemscope itemtype=\"http:\/\/schema.org\/Place\"><meta itemprop=\"name\" content=\"La Bassecour - Rennes (35)\" \/><meta itemprop=\"address\" content=\"La Bassecour - Rennes (35)\" \/>La Bassecour - Rennes (35)<\/span><\/p><\/div>\n\t<\/li>\n<\/ul>\n\n<\/dd>\n\t<dt class=\"simcal-day-label\" style=\"border-bottom: 1px solid #000000;\" ><span style=\"background-color: #000000; color: #ffffff;\"><span class=\"simcal-date-format\" data-date-format=\"j F Y\">31 mai 2026<\/span> <\/span><\/dt>\n<dd class=\"simcal-weekday-0 simcal-past simcal-day simcal-day-has-events simcal-day-has-1-events simcal-events-calendar-921\" data-events-count=\"1\">\n\t<ul class=\"simcal-events\">\n\t<li class=\"simcal-event simcal-event-has-location simcal-events-calendar-921\" style=\"\" itemscope itemtype=\"http:\/\/schema.org\/Event\" data-start=\"1780178459\">\n\t\t<div class=\"simcal-event-details\"><p><span class=\"simcal-event-start simcal-event-start-date\" data-event-start=\"1780178459\" data-event-format=\"j F Y\" itemprop=\"startDate\" content=\"2026-05-31T00:00:59+02:00\">31 mai 2026<\/span><br \/>\n<span class=\"simcal-event-address simcal-event-start-location\" itemprop=\"location\" itemscope itemtype=\"http:\/\/schema.org\/Place\"><meta itemprop=\"name\" content=\"Festival Jazz Tangentes - Superforma - Abbaye de l&#039;Epau - Le Mans (72)\" \/><meta itemprop=\"address\" content=\"Festival Jazz Tangentes - Superforma - Abbaye de l&#039;Epau - Le Mans (72)\" \/>Festival Jazz Tangentes - Superforma - Abbaye de l&#039;Epau - Le Mans (72)<\/span><\/p><\/div>\n\t<\/li>\n<\/ul>\n\n<\/dd>\n\t<dt class=\"simcal-day-label\" style=\"border-bottom: 1px solid #000000;\" ><span style=\"background-color: #000000; color: #ffffff;\"><span class=\"simcal-date-format\" data-date-format=\"j F Y\">6 juin 2026<\/span> <\/span><\/dt>\n<dd class=\"simcal-weekday-6 simcal-past simcal-day simcal-day-has-events simcal-day-has-1-events simcal-events-calendar-921\" data-events-count=\"1\">\n\t<ul class=\"simcal-events\">\n\t<li class=\"simcal-event simcal-event-has-location simcal-events-calendar-921\" style=\"\" itemscope itemtype=\"http:\/\/schema.org\/Event\" data-start=\"1780696859\">\n\t\t<div class=\"simcal-event-details\"><p><span class=\"simcal-event-start simcal-event-start-date\" data-event-start=\"1780696859\" data-event-format=\"j F Y\" itemprop=\"startDate\" content=\"2026-06-06T00:00:59+02:00\">6 juin 2026<\/span><br \/>\n<span class=\"simcal-event-address simcal-event-start-location\" itemprop=\"location\" itemscope itemtype=\"http:\/\/schema.org\/Place\"><meta itemprop=\"name\" content=\"Nounoune Festival - \u00c9toutteville (76)\" \/><meta itemprop=\"address\" content=\"Nounoune Festival - \u00c9toutteville (76)\" \/>Nounoune Festival - \u00c9toutteville (76)<\/span><\/p><\/div>\n\t<\/li>\n<\/ul>\n\n<\/dd>\n\t<dt class=\"simcal-day-label\" style=\"border-bottom: 1px solid #000000;\" ><span style=\"background-color: #000000; color: #ffffff;\"><span class=\"simcal-date-format\" data-date-format=\"j F Y\">7 juin 2026<\/span> <\/span><\/dt>\n<dd class=\"simcal-weekday-0 simcal-past simcal-day simcal-day-has-events simcal-day-has-1-events simcal-events-calendar-921\" data-events-count=\"1\">\n\t<ul class=\"simcal-events\">\n\t<li class=\"simcal-event simcal-event-has-location simcal-events-calendar-921\" style=\"\" itemscope itemtype=\"http:\/\/schema.org\/Event\" data-start=\"1780783259\">\n\t\t<div class=\"simcal-event-details\"><p><span class=\"simcal-event-start simcal-event-start-date\" data-event-start=\"1780783259\" data-event-format=\"j F Y\" itemprop=\"startDate\" content=\"2026-06-07T00:00:59+02:00\">7 juin 2026<\/span><br \/>\n<span class=\"simcal-event-address simcal-event-start-location\" itemprop=\"location\" itemscope itemtype=\"http:\/\/schema.org\/Place\"><meta itemprop=\"name\" content=\"Bal de l&#039;AERI - Montreuil (93)\" \/><meta itemprop=\"address\" content=\"Bal de l&#039;AERI - Montreuil (93)\" \/>Bal de l&#039;AERI - Montreuil (93)<\/span><\/p><\/div>\n\t<\/li>\n<\/ul>\n\n<\/dd>\n\t<dt class=\"simcal-day-label\" style=\"border-bottom: 1px solid #000000;\" ><span style=\"background-color: #000000; color: #ffffff;\"><span class=\"simcal-date-format\" data-date-format=\"j F Y\">20 juin 2026<\/span> <\/span><\/dt>\n<dd class=\"simcal-weekday-6 simcal-past simcal-day simcal-day-has-events simcal-day-has-1-events simcal-events-calendar-921\" data-events-count=\"1\">\n\t<ul class=\"simcal-events\">\n\t<li class=\"simcal-event simcal-event-has-location simcal-events-calendar-921\" style=\"\" itemscope itemtype=\"http:\/\/schema.org\/Event\" data-start=\"1781906459\">\n\t\t<div class=\"simcal-event-details\"><p><span class=\"simcal-event-start simcal-event-start-date\" data-event-start=\"1781906459\" data-event-format=\"j F Y\" itemprop=\"startDate\" content=\"2026-06-20T00:00:59+02:00\">20 juin 2026<\/span><br \/>\n<span class=\"simcal-event-address simcal-event-start-location\" itemprop=\"location\" itemscope itemtype=\"http:\/\/schema.org\/Place\"><meta itemprop=\"name\" content=\"Festival des Arcs - Ehrendingen (Suisse)\" \/><meta itemprop=\"address\" content=\"Festival des Arcs - Ehrendingen (Suisse)\" \/>Festival des Arcs - Ehrendingen (Suisse)<\/span><\/p><\/div>\n\t<\/li>\n<\/ul>\n\n<\/dd>\n\t<dt class=\"simcal-day-label\" style=\"border-bottom: 1px solid #000000;\" ><span style=\"background-color: #000000; color: #ffffff;\"><span class=\"simcal-date-format\" data-date-format=\"j F Y\">27 juin 2026<\/span> <\/span><\/dt>\n<dd class=\"simcal-weekday-6 simcal-past simcal-day simcal-day-has-events simcal-day-has-1-events simcal-events-calendar-921\" data-events-count=\"1\">\n\t<ul class=\"simcal-events\">\n\t<li class=\"simcal-event simcal-event-has-location simcal-events-calendar-921\" style=\"\" itemscope itemtype=\"http:\/\/schema.org\/Event\" data-start=\"1782511259\">\n\t\t<div class=\"simcal-event-details\"><p><span class=\"simcal-event-start simcal-event-start-date\" data-event-start=\"1782511259\" data-event-format=\"j F Y\" itemprop=\"startDate\" content=\"2026-06-27T00:00:59+02:00\">27 juin 2026<\/span><br \/>\n<span class=\"simcal-event-address simcal-event-start-location\" itemprop=\"location\" itemscope itemtype=\"http:\/\/schema.org\/Place\"><meta itemprop=\"name\" content=\"Faites du feu - Tournai (Be)\" \/><meta itemprop=\"address\" content=\"Faites du feu - Tournai (Be)\" \/>Faites du feu - Tournai (Be)<\/span><\/p><\/div>\n\t<\/li>\n<\/ul>\n\n<\/dd>\n\t<dt class=\"simcal-day-label\" style=\"border-bottom: 1px solid #000000;\" ><span style=\"background-color: #000000; color: #ffffff;\"><span class=\"simcal-date-format\" data-date-format=\"j F Y\">8 juillet 2026<\/span> <\/span><\/dt>\n<dd class=\"simcal-weekday-3 simcal-past simcal-day simcal-day-has-events simcal-day-has-1-events simcal-events-calendar-921\" data-events-count=\"1\">\n\t<ul class=\"simcal-events\">\n\t<li class=\"simcal-event simcal-event-has-location simcal-events-calendar-921\" style=\"\" itemscope itemtype=\"http:\/\/schema.org\/Event\" data-start=\"1783461659\">\n\t\t<div class=\"simcal-event-details\"><p><span class=\"simcal-event-start simcal-event-start-date\" data-event-start=\"1783461659\" data-event-format=\"j F Y\" itemprop=\"startDate\" content=\"2026-07-08T00:00:59+02:00\">8 juillet 2026<\/span><br \/>\n<span class=\"simcal-event-address simcal-event-start-location\" itemprop=\"location\" itemscope itemtype=\"http:\/\/schema.org\/Place\"><meta itemprop=\"name\" content=\"Pod&#039;Ring Festival - Bienne (Suisse)\" \/><meta itemprop=\"address\" content=\"Pod&#039;Ring Festival - Bienne (Suisse)\" \/>Pod&#039;Ring Festival - Bienne (Suisse)<\/span><\/p><\/div>\n\t<\/li>\n<\/ul>\n\n<\/dd>\n\t<dt class=\"simcal-day-label\" style=\"border-bottom: 1px solid #000000;\" ><span style=\"background-color: #000000; color: #ffffff;\"><span class=\"simcal-date-format\" data-date-format=\"j F Y\">23 juillet 2026<\/span> <\/span><\/dt>\n<dd class=\"simcal-weekday-4 simcal-past simcal-day simcal-day-has-events simcal-day-has-1-events simcal-events-calendar-921\" data-events-count=\"1\">\n\t<ul class=\"simcal-events\">\n\t<li class=\"simcal-event simcal-event-has-location simcal-events-calendar-921\" style=\"\" itemscope itemtype=\"http:\/\/schema.org\/Event\" data-start=\"1784757659\">\n\t\t<div class=\"simcal-event-details\"><p><span class=\"simcal-event-start simcal-event-start-date\" data-event-start=\"1784757659\" data-event-format=\"j F Y\" itemprop=\"startDate\" content=\"2026-07-23T00:00:59+02:00\">23 juillet 2026<\/span><br \/>\n<span class=\"simcal-event-address simcal-event-start-location\" itemprop=\"location\" itemscope itemtype=\"http:\/\/schema.org\/Place\"><meta itemprop=\"name\" content=\"Chalon dans la rue - Chalon-sur-Sa\u00f4ne (71)\" \/><meta itemprop=\"address\" content=\"Chalon dans la rue - Chalon-sur-Sa\u00f4ne (71)\" \/>Chalon dans la rue - Chalon-sur-Sa\u00f4ne (71)<\/span><\/p><\/div>\n\t<\/li>\n<\/ul>\n\n<\/dd>\n\t<dt class=\"simcal-day-label\" style=\"border-bottom: 1px solid #000000;\" ><span style=\"background-color: #000000; color: #ffffff;\"><span class=\"simcal-date-format\" data-date-format=\"j F Y\">24 juillet 2026<\/span> <\/span><\/dt>\n<dd class=\"simcal-weekday-5 simcal-past simcal-day simcal-day-has-events simcal-day-has-1-events simcal-events-calendar-921\" data-events-count=\"1\">\n\t<ul class=\"simcal-events\">\n\t<li class=\"simcal-event simcal-event-has-location simcal-events-calendar-921\" style=\"\" itemscope itemtype=\"http:\/\/schema.org\/Event\" data-start=\"1784844059\">\n\t\t<div class=\"simcal-event-details\"><p><span class=\"simcal-event-start simcal-event-start-date\" data-event-start=\"1784844059\" data-event-format=\"j F Y\" itemprop=\"startDate\" content=\"2026-07-24T00:00:59+02:00\">24 juillet 2026<\/span><br \/>\n<span class=\"simcal-event-address simcal-event-start-location\" itemprop=\"location\" itemscope itemtype=\"http:\/\/schema.org\/Place\"><meta itemprop=\"name\" content=\"Chalon dans la rue - Chalon-sur-Sa\u00f4ne (71)\" \/><meta itemprop=\"address\" content=\"Chalon dans la rue - Chalon-sur-Sa\u00f4ne (71)\" \/>Chalon dans la rue - Chalon-sur-Sa\u00f4ne (71)<\/span><\/p><\/div>\n\t<\/li>\n<\/ul>\n\n<\/dd>\n\t<dt class=\"simcal-day-label\" style=\"border-bottom: 1px solid #000000;\" ><span style=\"background-color: #000000; color: #ffffff;\"><span class=\"simcal-date-format\" data-date-format=\"j F Y\">25 juillet 2026<\/span> <\/span><\/dt>\n<dd class=\"simcal-weekday-6 simcal-past simcal-day simcal-day-has-events simcal-day-has-1-events simcal-events-calendar-921\" data-events-count=\"1\">\n\t<ul class=\"simcal-events\">\n\t<li class=\"simcal-event simcal-event-has-location simcal-events-calendar-921\" style=\"\" itemscope itemtype=\"http:\/\/schema.org\/Event\" data-start=\"1784930459\">\n\t\t<div class=\"simcal-event-details\"><p><span class=\"simcal-event-start simcal-event-start-date\" data-event-start=\"1784930459\" data-event-format=\"j F Y\" itemprop=\"startDate\" content=\"2026-07-25T00:00:59+02:00\">25 juillet 2026<\/span><br \/>\n<span class=\"simcal-event-address simcal-event-start-location\" itemprop=\"location\" itemscope itemtype=\"http:\/\/schema.org\/Place\"><meta itemprop=\"name\" content=\"Chalon dans la rue - Chalon-sur-Sa\u00f4ne (71)\" \/><meta itemprop=\"address\" content=\"Chalon dans la rue - Chalon-sur-Sa\u00f4ne (71)\" \/>Chalon dans la rue - Chalon-sur-Sa\u00f4ne (71)<\/span><\/p><\/div>\n\t<\/li>\n<\/ul>\n\n<\/dd>\n\t<dt class=\"simcal-day-label\" style=\"border-bottom: 1px solid #000000;\" ><span style=\"background-color: #000000; color: #ffffff;\"><span class=\"simcal-date-format\" data-date-format=\"j F Y\">1 ao\u00fbt 2026<\/span> <\/span><\/dt>\n<dd class=\"simcal-weekday-6 simcal-past simcal-day simcal-day-has-events simcal-day-has-1-events simcal-events-calendar-921\" data-events-count=\"1\">\n\t<ul class=\"simcal-events\">\n\t<li class=\"simcal-event simcal-event-has-location simcal-events-calendar-921\" style=\"\" itemscope itemtype=\"http:\/\/schema.org\/Event\" data-start=\"1785535259\">\n\t\t<div class=\"simcal-event-details\"><p><span class=\"simcal-event-start simcal-event-start-date\" data-event-start=\"1785535259\" data-event-format=\"j F Y\" itemprop=\"startDate\" content=\"2026-08-01T00:00:59+02:00\">1 ao\u00fbt 2026<\/span><br \/>\n<span class=\"simcal-event-address simcal-event-start-location\" itemprop=\"location\" itemscope itemtype=\"http:\/\/schema.org\/Place\"><meta itemprop=\"name\" content=\"Festival Bonac Plage - Bonac Irazein (09)\" \/><meta itemprop=\"address\" content=\"Festival Bonac Plage - Bonac Irazein (09)\" \/>Festival Bonac Plage - Bonac Irazein (09)<\/span><\/p><\/div>\n\t<\/li>\n<\/ul>\n\n<\/dd>\n\t<dt class=\"simcal-day-label\" style=\"border-bottom: 1px solid #000000;\" ><span style=\"background-color: #000000; color: #ffffff;\"><span class=\"simcal-date-format\" data-date-format=\"j F Y\">9 ao\u00fbt 2026<\/span> <\/span><\/dt>\n<dd class=\"simcal-weekday-0 simcal-past simcal-day simcal-day-has-events simcal-day-has-1-events simcal-events-calendar-921\" data-events-count=\"1\">\n\t<ul class=\"simcal-events\">\n\t<li class=\"simcal-event simcal-event-has-location simcal-events-calendar-921\" style=\"\" itemscope itemtype=\"http:\/\/schema.org\/Event\" data-start=\"1786226459\">\n\t\t<div class=\"simcal-event-details\"><p><span class=\"simcal-event-start simcal-event-start-date\" data-event-start=\"1786226459\" data-event-format=\"j F Y\" itemprop=\"startDate\" content=\"2026-08-09T00:00:59+02:00\">9 ao\u00fbt 2026<\/span><br \/>\n<span class=\"simcal-event-address simcal-event-start-location\" itemprop=\"location\" itemscope itemtype=\"http:\/\/schema.org\/Place\"><meta itemprop=\"name\" content=\"La Foire Extraordinaire - TBA (81)\" \/><meta itemprop=\"address\" content=\"La Foire Extraordinaire - TBA (81)\" \/>La Foire Extraordinaire - TBA (81)<\/span><\/p><\/div>\n\t<\/li>\n<\/ul>\n\n<\/dd>\n\t<dt class=\"simcal-day-label\" style=\"border-bottom: 1px solid #000000;\" ><span style=\"background-color: #000000; color: #ffffff;\"><span class=\"simcal-date-format\" data-date-format=\"j F Y\">13 ao\u00fbt 2026<\/span> <\/span><\/dt>\n<dd class=\"simcal-weekday-4 simcal-past simcal-day simcal-day-has-events simcal-day-has-1-events simcal-events-calendar-921\" data-events-count=\"1\">\n\t<ul class=\"simcal-events\">\n\t<li class=\"simcal-event simcal-event-has-location simcal-events-calendar-921\" style=\"\" itemscope itemtype=\"http:\/\/schema.org\/Event\" data-start=\"1786572059\">\n\t\t<div class=\"simcal-event-details\"><p><span class=\"simcal-event-start simcal-event-start-date\" data-event-start=\"1786572059\" data-event-format=\"j F Y\" itemprop=\"startDate\" content=\"2026-08-13T00:00:59+02:00\">13 ao\u00fbt 2026<\/span><br \/>\n<span class=\"simcal-event-address simcal-event-start-location\" itemprop=\"location\" itemscope itemtype=\"http:\/\/schema.org\/Place\"><meta itemprop=\"name\" content=\"Colo &amp; Co - Castelnau-de-Montmiral (81)\" \/><meta itemprop=\"address\" content=\"Colo &amp; Co - Castelnau-de-Montmiral (81)\" \/>Colo &amp; Co - Castelnau-de-Montmiral (81)<\/span><\/p><\/div>\n\t<\/li>\n<\/ul>\n\n<\/dd>\n\t<dt class=\"simcal-day-label\" style=\"border-bottom: 1px solid #000000;\" ><span style=\"background-color: #000000; color: #ffffff;\"><span class=\"simcal-date-format\" data-date-format=\"j F Y\">14 ao\u00fbt 2026<\/span> <\/span><\/dt>\n<dd class=\"simcal-weekday-5 simcal-past simcal-day simcal-day-has-events simcal-day-has-1-events simcal-events-calendar-921\" data-events-count=\"1\">\n\t<ul class=\"simcal-events\">\n\t<li class=\"simcal-event simcal-event-has-location simcal-events-calendar-921\" style=\"\" itemscope itemtype=\"http:\/\/schema.org\/Event\" data-start=\"1786658459\">\n\t\t<div class=\"simcal-event-details\"><p><span class=\"simcal-event-start simcal-event-start-date\" data-event-start=\"1786658459\" data-event-format=\"j F Y\" itemprop=\"startDate\" content=\"2026-08-14T00:00:59+02:00\">14 ao\u00fbt 2026<\/span><br \/>\n<span class=\"simcal-event-address simcal-event-start-location\" itemprop=\"location\" itemscope itemtype=\"http:\/\/schema.org\/Place\"><meta itemprop=\"name\" content=\"L&#039;Espinguette - St Sever du Moustier (12)\" \/><meta itemprop=\"address\" content=\"L&#039;Espinguette - St Sever du Moustier (12)\" \/>L&#039;Espinguette - St Sever du Moustier (12)<\/span><\/p><\/div>\n\t<\/li>\n<\/ul>\n\n<\/dd>\n\t<dt class=\"simcal-day-label\" style=\"border-bottom: 1px solid #000000;\" ><span style=\"background-color: #000000; color: #ffffff;\"><span class=\"simcal-date-format\" data-date-format=\"j F Y\">28 ao\u00fbt 2026<\/span> <\/span><\/dt>\n<dd class=\"simcal-weekday-5 simcal-past simcal-day simcal-day-has-events simcal-day-has-1-events simcal-events-calendar-921\" data-events-count=\"1\">\n\t<ul class=\"simcal-events\">\n\t<li class=\"simcal-event simcal-event-has-location simcal-events-calendar-921\" style=\"\" itemscope itemtype=\"http:\/\/schema.org\/Event\" data-start=\"1787868059\">\n\t\t<div class=\"simcal-event-details\"><p><span class=\"simcal-event-start simcal-event-start-date\" data-event-start=\"1787868059\" data-event-format=\"j F Y\" itemprop=\"startDate\" content=\"2026-08-28T00:00:59+02:00\">28 ao\u00fbt 2026<\/span><br \/>\n<span class=\"simcal-event-address simcal-event-start-location\" itemprop=\"location\" itemscope itemtype=\"http:\/\/schema.org\/Place\"><meta itemprop=\"name\" content=\"Forest Sounds - Forest, Bruxelles (Belgique)\" \/><meta itemprop=\"address\" content=\"Forest Sounds - Forest, Bruxelles (Belgique)\" \/>Forest Sounds - Forest, Bruxelles (Belgique)<\/span><\/p><\/div>\n\t<\/li>\n<\/ul>\n\n<\/dd>\n\t<dt class=\"simcal-day-label\" style=\"border-bottom: 1px solid #000000;\" ><span style=\"background-color: #000000; color: #ffffff;\"><span class=\"simcal-date-format\" data-date-format=\"j F Y\">3 octobre 2026<\/span> <\/span><\/dt>\n<dd class=\"simcal-weekday-6 simcal-past simcal-day simcal-day-has-events simcal-day-has-1-events simcal-events-calendar-921\" data-events-count=\"1\">\n\t<ul class=\"simcal-events\">\n\t<li class=\"simcal-event simcal-event-has-location simcal-events-calendar-921\" style=\"\" itemscope itemtype=\"http:\/\/schema.org\/Event\" data-start=\"1790978459\">\n\t\t<div class=\"simcal-event-details\"><p><span class=\"simcal-event-start simcal-event-start-date\" data-event-start=\"1790978459\" data-event-format=\"j F Y\" itemprop=\"startDate\" content=\"2026-10-03T00:00:59+02:00\">3 octobre 2026<\/span><br \/>\n<span class=\"simcal-event-address simcal-event-start-location\" itemprop=\"location\" itemscope itemtype=\"http:\/\/schema.org\/Place\"><meta itemprop=\"name\" content=\"+ BCUC - Le Florida - Agen (47)\" \/><meta itemprop=\"address\" content=\"+ BCUC - Le Florida - Agen (47)\" \/>+ BCUC - Le Florida - Agen (47)<\/span><\/p><\/div>\n\t<\/li>\n<\/ul>\n\n<\/dd>\n\t<dt class=\"simcal-day-label\" style=\"border-bottom: 1px solid #000000;\" ><span style=\"background-color: #000000; color: #ffffff;\"><span class=\"simcal-date-format\" data-date-format=\"j F Y\">16 octobre 2026<\/span> <\/span><\/dt>\n<dd class=\"simcal-weekday-5 simcal-past simcal-day simcal-day-has-events simcal-day-has-1-events simcal-events-calendar-921\" data-events-count=\"1\">\n\t<ul class=\"simcal-events\">\n\t<li class=\"simcal-event simcal-event-has-location simcal-events-calendar-921\" style=\"\" itemscope itemtype=\"http:\/\/schema.org\/Event\" data-start=\"1792101659\">\n\t\t<div class=\"simcal-event-details\"><p><span class=\"simcal-event-start simcal-event-start-date\" data-event-start=\"1792101659\" data-event-format=\"j F Y\" itemprop=\"startDate\" content=\"2026-10-16T00:00:59+02:00\">16 octobre 2026<\/span><br \/>\n<span class=\"simcal-event-address simcal-event-start-location\" itemprop=\"location\" itemscope itemtype=\"http:\/\/schema.org\/Place\"><meta itemprop=\"name\" content=\"Festival contra la desplobacion - Allepuz (Espagne)\" \/><meta itemprop=\"address\" content=\"Festival contra la desplobacion - Allepuz (Espagne)\" \/>Festival contra la desplobacion - Allepuz (Espagne)<\/span><\/p><\/div>\n\t<\/li>\n<\/ul>\n\n<\/dd>\n<\/dl><div class=\"simcal-ajax-loader simcal-spinner-top\" style=\"display: none;\"><i class=\"simcal-icon-spinner simcal-icon-spin\"><\/i><\/div><\/div><\/div>\n\n\n<\/div><\/div>\n","protected":false},"excerpt":{"rendered":"<p>EDREDON SENSIBLE Edredon Sensible c&rsquo;est quatre types qui battent des bras et qui soufflent. Ils se regardent avec les yeux dans les oreilles pourdanser partout mais surtout par terre.&nbsp;Y&rsquo;a aussi de la transpiration sur eux et si possible sur les autres.Leur passion ? Br\u00fble Babylone mais toujours par la Bouche. Leur but ? La catharsis. &hellip; <a href=\"http:\/\/www.lesproductionsduvendredi.com\/wordpress\/edredon-sensible\/\" class=\"more-link\">Continuer la lecture de <span class=\"screen-reader-text\">EDREDON SENSIBLE<\/span><\/a><\/p>\n","protected":false},"author":2,"featured_media":0,"parent":0,"menu_order":0,"comment_status":"closed","ping_status":"closed","template":"page.php","meta":{"footnotes":""},"class_list":["post-1315","page","type-page","status-publish","hentry"],"_links":{"self":[{"href":"http:\/\/www.lesproductionsduvendredi.com\/wordpress\/wp-json\/wp\/v2\/pages\/1315","targetHints":{"allow":["GET"]}}],"collection":[{"href":"http:\/\/www.lesproductionsduvendredi.com\/wordpress\/wp-json\/wp\/v2\/pages"}],"about":[{"href":"http:\/\/www.lesproductionsduvendredi.com\/wordpress\/wp-json\/wp\/v2\/types\/page"}],"author":[{"embeddable":true,"href":"http:\/\/www.lesproductionsduvendredi.com\/wordpress\/wp-json\/wp\/v2\/users\/2"}],"replies":[{"embeddable":true,"href":"http:\/\/www.lesproductionsduvendredi.com\/wordpress\/wp-json\/wp\/v2\/comments?post=1315"}],"version-history":[{"count":51,"href":"http:\/\/www.lesproductionsduvendredi.com\/wordpress\/wp-json\/wp\/v2\/pages\/1315\/revisions"}],"predecessor-version":[{"id":1733,"href":"http:\/\/www.lesproductionsduvendredi.com\/wordpress\/wp-json\/wp\/v2\/pages\/1315\/revisions\/1733"}],"wp:attachment":[{"href":"http:\/\/www.lesproductionsduvendredi.com\/wordpress\/wp-json\/wp\/v2\/media?parent=1315"}],"curies":[{"name":"wp","href":"https:\/\/api.w.org\/{rel}","templated":true}]}}