{"id":103,"date":"2015-04-29T11:02:21","date_gmt":"2015-04-29T10:02:21","guid":{"rendered":"http:\/\/www.lesproductionsduvendredi.com\/wordpress\/?page_id=103"},"modified":"2025-09-05T11:05:14","modified_gmt":"2025-09-05T10:05:14","slug":"lassociation","status":"publish","type":"page","link":"http:\/\/www.lesproductionsduvendredi.com\/wordpress\/lassociation\/","title":{"rendered":"l&rsquo;association"},"content":{"rendered":"<h2>Cr\u00e9\u00e9es en 2008, les Productions du Vendredi accompagne des artistes aux esth\u00e9tiques singuli\u00e8res autour du jazz.<\/h2>\n<h2><\/h2>\n<h2><\/h2>\n<h2><strong>Notre projet s&rsquo;articule autour de 4 axes :<\/strong><\/h2>\n<ul>\n<li>\n<h2>un soutien \u00e0 la cr\u00e9ation artistique \u00e9mergente<\/h2>\n<\/li>\n<li>\n<h2>une diffusion de ces artistes dans les r\u00e9seaux de diffusion r\u00e9gionaux, nationaux et internationaux.<\/h2>\n<\/li>\n<li>\n<h2>un d\u00e9veloppement de l&rsquo;action culturelle et de l\u2019\u00e9ducation artistique sur le plan d\u00e9partemental et r\u00e9gional.<\/h2>\n<\/li>\n<li>\n<h2>un accompagnement de vos projets \u00e0 la carte : conseils en production et en programmation.<\/h2>\n<\/li>\n<\/ul>\n<hr \/>\n<h1>Nous sommes membres de\u00a0:<\/h1>\n<div id=\"divup-post-103\" class=\"divup-wrap divup-wrap-1  divup-wrap-odd logos\" ><div id=\"divup-id-1\"\r\n\t\t\t\t\t\t\tclass=\"divup div-1 div-odd first total-div-1\">\n<p data-wp-editing=\"1\"><img loading=\"lazy\" decoding=\"async\" class=\"alignnone wp-image-1737 size-full\" src=\"http:\/\/www.lesproductionsduvendredi.com\/wordpress\/wp-content\/uploads\/2025\/09\/octopus.jpg\" alt=\"\" width=\"248\" height=\"72\" \/><img loading=\"lazy\" decoding=\"async\" class=\"alignnone wp-image-1686 size-thumbnail\" src=\"http:\/\/www.lesproductionsduvendredi.com\/wordpress\/wp-content\/uploads\/2025\/08\/occijazz-150x150.png\" alt=\"\" width=\"150\" height=\"150\" srcset=\"http:\/\/www.lesproductionsduvendredi.com\/wordpress\/wp-content\/uploads\/2025\/08\/occijazz-150x150.png 150w, http:\/\/www.lesproductionsduvendredi.com\/wordpress\/wp-content\/uploads\/2025\/08\/occijazz.png 220w\" sizes=\"auto, (max-width: 150px) 100vw, 150px\" \/><img loading=\"lazy\" decoding=\"async\" class=\"alignnone wp-image-1692 size-thumbnail\" src=\"http:\/\/www.lesproductionsduvendredi.com\/wordpress\/wp-content\/uploads\/2025\/08\/opep-150x150.png\" alt=\"\" width=\"150\" height=\"150\" srcset=\"http:\/\/www.lesproductionsduvendredi.com\/wordpress\/wp-content\/uploads\/2025\/08\/opep-150x150.png 150w, http:\/\/www.lesproductionsduvendredi.com\/wordpress\/wp-content\/uploads\/2025\/08\/opep.png 225w\" sizes=\"auto, (max-width: 150px) 100vw, 150px\" \/><img loading=\"lazy\" decoding=\"async\" class=\"alignnone wp-image-1696 size-thumbnail\" src=\"http:\/\/www.lesproductionsduvendredi.com\/wordpress\/wp-content\/uploads\/2025\/08\/logo-SMA-web-150x150.jpg\" alt=\"\" width=\"150\" height=\"150\" srcset=\"http:\/\/www.lesproductionsduvendredi.com\/wordpress\/wp-content\/uploads\/2025\/08\/logo-SMA-web-150x150.jpg 150w, http:\/\/www.lesproductionsduvendredi.com\/wordpress\/wp-content\/uploads\/2025\/08\/logo-SMA-web.jpg 225w\" sizes=\"auto, (max-width: 150px) 100vw, 150px\" \/><img loading=\"lazy\" decoding=\"async\" class=\"alignnone size-full wp-image-1752\" src=\"http:\/\/www.lesproductionsduvendredi.com\/wordpress\/wp-content\/uploads\/2025\/09\/ZF.png\" alt=\"\" width=\"226\" height=\"116\" \/><\/p>\n<\/div><\/div>\n<hr \/>\n<h1>Nous sommes soutenus par\u00a0:<\/h1>\n<div id=\"divup-post-103-2\" class=\"divup-wrap divup-wrap-2  divup-wrap-even logos\" ><div id=\"divup-id-2\"\r\n\t\t\t\t\t\t\tclass=\"divup div-1 div-odd first total-div-2\">\n<p><img loading=\"lazy\" decoding=\"async\" class=\"alignnone size-full wp-image-1740\" src=\"http:\/\/www.lesproductionsduvendredi.com\/wordpress\/wp-content\/uploads\/2025\/09\/PREF_region_Occitanie.jpg\" alt=\"\" width=\"200\" height=\"179\" \/> <img loading=\"lazy\" decoding=\"async\" class=\"alignnone size-full wp-image-1743\" src=\"http:\/\/www.lesproductionsduvendredi.com\/wordpress\/wp-content\/uploads\/2025\/09\/Logo_Occitanie.png\" alt=\"\" width=\"120\" height=\"120\" \/><img loading=\"lazy\" decoding=\"async\" class=\"alignnone wp-image-1695 size-full\" src=\"http:\/\/www.lesproductionsduvendredi.com\/wordpress\/wp-content\/uploads\/2025\/08\/logo-haute-garonne_site2-90x110-1.png\" alt=\"\" width=\"90\" height=\"110\" \/><img loading=\"lazy\" decoding=\"async\" class=\"alignnone size-full wp-image-1742\" src=\"http:\/\/www.lesproductionsduvendredi.com\/wordpress\/wp-content\/uploads\/2025\/09\/logo_toulousemairiemetropole.png.webp\" alt=\"\" width=\"201\" height=\"54\" \/><img loading=\"lazy\" decoding=\"async\" class=\"alignnone wp-image-1688 size-medium\" src=\"http:\/\/www.lesproductionsduvendredi.com\/wordpress\/wp-content\/uploads\/2025\/08\/CNM-logo_reduit_rvb_partenaire-300x197.png\" alt=\"\" width=\"300\" height=\"197\" srcset=\"http:\/\/www.lesproductionsduvendredi.com\/wordpress\/wp-content\/uploads\/2025\/08\/CNM-logo_reduit_rvb_partenaire-300x197.png 300w, http:\/\/www.lesproductionsduvendredi.com\/wordpress\/wp-content\/uploads\/2025\/08\/CNM-logo_reduit_rvb_partenaire-1024x672.png 1024w, http:\/\/www.lesproductionsduvendredi.com\/wordpress\/wp-content\/uploads\/2025\/08\/CNM-logo_reduit_rvb_partenaire-768x504.png 768w, http:\/\/www.lesproductionsduvendredi.com\/wordpress\/wp-content\/uploads\/2025\/08\/CNM-logo_reduit_rvb_partenaire-1536x1008.png 1536w, http:\/\/www.lesproductionsduvendredi.com\/wordpress\/wp-content\/uploads\/2025\/08\/CNM-logo_reduit_rvb_partenaire.png 1660w\" sizes=\"auto, (max-width: 300px) 100vw, 300px\" \/><img loading=\"lazy\" decoding=\"async\" class=\"alignnone size-full wp-image-1749\" src=\"http:\/\/www.lesproductionsduvendredi.com\/wordpress\/wp-content\/uploads\/2025\/09\/logo-adami2.png\" alt=\"\" width=\"200\" height=\"89\" \/><img loading=\"lazy\" decoding=\"async\" class=\"alignnone size-full wp-image-132\" src=\"http:\/\/www.lesproductionsduvendredi.com\/wordpress\/wp-content\/uploads\/2015\/04\/logo_spedidam.jpg\" alt=\"logo_spedidam\" width=\"92\" height=\"50\" \/><img loading=\"lazy\" decoding=\"async\" class=\"alignnone size-full wp-image-139\" src=\"http:\/\/www.lesproductionsduvendredi.com\/wordpress\/wp-content\/uploads\/2015\/04\/CP.jpg\" alt=\"CP\" width=\"144\" height=\"50\" \/><img loading=\"lazy\" decoding=\"async\" class=\"alignnone size-full wp-image-141\" src=\"http:\/\/www.lesproductionsduvendredi.com\/wordpress\/wp-content\/uploads\/2015\/04\/sacem-logo.jpg\" alt=\"sacem-logo\" width=\"122\" height=\"60\" \/>\u00a0<img loading=\"lazy\" decoding=\"async\" class=\"alignnone size-full wp-image-1746\" src=\"http:\/\/www.lesproductionsduvendredi.com\/wordpress\/wp-content\/uploads\/2025\/09\/IF.png\" alt=\"\" width=\"220\" height=\"134\" \/><img loading=\"lazy\" decoding=\"async\" class=\"alignnone size-full wp-image-1690\" src=\"http:\/\/www.lesproductionsduvendredi.com\/wordpress\/wp-content\/uploads\/2025\/08\/occitanie-en-scenes.png\" alt=\"\" width=\"326\" height=\"155\" srcset=\"http:\/\/www.lesproductionsduvendredi.com\/wordpress\/wp-content\/uploads\/2025\/08\/occitanie-en-scenes.png 326w, http:\/\/www.lesproductionsduvendredi.com\/wordpress\/wp-content\/uploads\/2025\/08\/occitanie-en-scenes-300x143.png 300w\" sizes=\"auto, (max-width: 326px) 100vw, 326px\" \/><\/p>\n<\/div><\/div>\n","protected":false},"excerpt":{"rendered":"<p>Cr\u00e9\u00e9es en 2008, les Productions du Vendredi accompagne des artistes aux esth\u00e9tiques singuli\u00e8res autour du jazz. Notre projet s&rsquo;articule autour de 4 axes : un soutien \u00e0 la cr\u00e9ation artistique \u00e9mergente une diffusion de ces artistes dans les r\u00e9seaux de diffusion r\u00e9gionaux, nationaux et internationaux. un d\u00e9veloppement de l&rsquo;action culturelle et de l\u2019\u00e9ducation artistique sur &hellip; <a href=\"http:\/\/www.lesproductionsduvendredi.com\/wordpress\/lassociation\/\" class=\"more-link\">Continuer la lecture de <span class=\"screen-reader-text\">l&rsquo;association<\/span><\/a><\/p>\n","protected":false},"author":1,"featured_media":0,"parent":0,"menu_order":0,"comment_status":"open","ping_status":"open","template":"page5.php","meta":{"footnotes":""},"class_list":["post-103","page","type-page","status-publish","hentry"],"_links":{"self":[{"href":"http:\/\/www.lesproductionsduvendredi.com\/wordpress\/wp-json\/wp\/v2\/pages\/103","targetHints":{"allow":["GET"]}}],"collection":[{"href":"http:\/\/www.lesproductionsduvendredi.com\/wordpress\/wp-json\/wp\/v2\/pages"}],"about":[{"href":"http:\/\/www.lesproductionsduvendredi.com\/wordpress\/wp-json\/wp\/v2\/types\/page"}],"author":[{"embeddable":true,"href":"http:\/\/www.lesproductionsduvendredi.com\/wordpress\/wp-json\/wp\/v2\/users\/1"}],"replies":[{"embeddable":true,"href":"http:\/\/www.lesproductionsduvendredi.com\/wordpress\/wp-json\/wp\/v2\/comments?post=103"}],"version-history":[{"count":50,"href":"http:\/\/www.lesproductionsduvendredi.com\/wordpress\/wp-json\/wp\/v2\/pages\/103\/revisions"}],"predecessor-version":[{"id":1753,"href":"http:\/\/www.lesproductionsduvendredi.com\/wordpress\/wp-json\/wp\/v2\/pages\/103\/revisions\/1753"}],"wp:attachment":[{"href":"http:\/\/www.lesproductionsduvendredi.com\/wordpress\/wp-json\/wp\/v2\/media?parent=103"}],"curies":[{"name":"wp","href":"https:\/\/api.w.org\/{rel}","templated":true}]}}